{"id":15,"date":"2016-05-09T13:03:56","date_gmt":"2016-05-09T11:03:56","guid":{"rendered":"https:\/\/z-designstudio.ch\/interior\/?page_id=15"},"modified":"2020-08-26T16:09:01","modified_gmt":"2020-08-26T14:09:01","slug":"ueber-uns","status":"publish","type":"page","link":"https:\/\/z-designstudio.ch\/interior\/ueber-uns\/","title":{"rendered":"\u00dcber uns"},"content":{"rendered":"<p>Unsere Expertise beruht auf der langj\u00e4hrigen Erfahrung in der M\u00f6belentwicklung und Innenarchitektur. Im Kompetenzbereich Interior Design realisierten wir in den letzten 10 Jahren u.a. Begegnungszonen, Pausenr\u00e4ume und Sitzungszimmer f\u00fcr die Stadtverwaltungen Winterthur und Z\u00fcrich. Wir sind bekannt f\u00fcr kosteng\u00fcnstige, frische und innovative L\u00f6sungen, welche wir mit viel Engagement finden und umsetzen. Unsere Projekte sind individuell und optimal auf die Bed\u00fcrfnisse des Kunden angepasst. Das Z Designstudio ist<i> <\/i>in einem altem Industriegeb\u00e4ude des Winterthurer Sulzerareals zuhause. Das Lagerplatzareal mit seinen Nischen f\u00fcr Kleingewerbe, Freizeit, Kunst und Kultur bietet grossz\u00fcgigen Raum f\u00fcr neue Ideen und experimentelles Arbeiten.<\/p>\n<p>Das Z Designstudio besteht in ge\u00e4nderter Form seit \u00fcber 15 Jahren.<\/p>\n<p><a href=\"https:\/\/z-designstudio.ch\/interior\/wp-content\/uploads\/sites\/3\/2020\/08\/laufbahn_zdesignstudio.pdf\" target=\"_blank\" rel=\"noopener noreferrer\">Laufbahn Andrin H\u00e4feli, Adrian Birrer und Marcel N\u00fcesch<\/a><\/p>\n","protected":false},"excerpt":{"rendered":"<p>Unsere Expertise beruht auf der langj\u00e4hrigen Erfahrung in der M\u00f6belentwicklung und Innenarchitektur. Im Kompetenzbereich Interior Design realisierten wir in den letzten 10 Jahren u.a. Begegnungszonen, Pausenr\u00e4ume und Sitzungszimmer f\u00fcr die Stadtverwaltungen Winterthur und Z\u00fcrich. Wir sind bekannt f\u00fcr kosteng\u00fcnstige, frische und innovative L\u00f6sungen, welche wir mit viel Engagement finden und umsetzen. Unsere Projekte sind individuell [&hellip;]<\/p>\n","protected":false},"author":1,"featured_media":1553,"parent":0,"menu_order":5,"comment_status":"closed","ping_status":"closed","template":"template-about.php","meta":{"_locale":"de_DE","_original_post":"15"},"_links":{"self":[{"href":"https:\/\/z-designstudio.ch\/interior\/wp-json\/wp\/v2\/pages\/15"}],"collection":[{"href":"https:\/\/z-designstudio.ch\/interior\/wp-json\/wp\/v2\/pages"}],"about":[{"href":"https:\/\/z-designstudio.ch\/interior\/wp-json\/wp\/v2\/types\/page"}],"author":[{"embeddable":true,"href":"https:\/\/z-designstudio.ch\/interior\/wp-json\/wp\/v2\/users\/1"}],"replies":[{"embeddable":true,"href":"https:\/\/z-designstudio.ch\/interior\/wp-json\/wp\/v2\/comments?post=15"}],"version-history":[{"count":1,"href":"https:\/\/z-designstudio.ch\/interior\/wp-json\/wp\/v2\/pages\/15\/revisions"}],"predecessor-version":[{"id":1562,"href":"https:\/\/z-designstudio.ch\/interior\/wp-json\/wp\/v2\/pages\/15\/revisions\/1562"}],"wp:featuredmedia":[{"embeddable":true,"href":"https:\/\/z-designstudio.ch\/interior\/wp-json\/wp\/v2\/media\/1553"}],"wp:attachment":[{"href":"https:\/\/z-designstudio.ch\/interior\/wp-json\/wp\/v2\/media?parent=15"}],"curies":[{"name":"wp","href":"https:\/\/api.w.org\/{rel}","templated":true}]}}